{"id":16,"date":"2023-04-25T21:37:24","date_gmt":"2023-04-25T19:37:24","guid":{"rendered":"http:\/\/magotarm.se\/stockholms-lansforening\/?page_id=16"},"modified":"2023-05-04T10:23:42","modified_gmt":"2023-05-04T08:23:42","slug":"om-oss","status":"publish","type":"page","link":"https:\/\/magotarm.se\/stockholms-lansforening\/om-oss\/","title":{"rendered":"Om oss"},"content":{"rendered":"\n<p>Mag- och tarmf\u00f6reningen i Stockholms l\u00e4n, tidigare Stockholms l\u00e4nsf\u00f6rening av Riksf\u00f6rbundet f\u00f6r Mag- och tarmsjuka (RMT), \u00e4r en intressepolitiskt verksam f\u00f6rening inom Stockholms l\u00e4n. F\u00f6reningen \u00e4r medlem hos <a href=\"http:\/\/magotarm.se\" target=\"_blank\" rel=\"noreferrer noopener\">Mag- och tarmf\u00f6rbundet<\/a>.<\/p>\n\n\n\n<p class=\"has-light-green-cyan-background-color has-background\">Mag- och tarmf\u00f6reningen \u00e4r religi\u00f6st och partipolitiskt obunden och arbetar f\u00f6r personer med mag- och tarmproblem och deras n\u00e4rst\u00e5ende.<\/p>\n\n\n\n<p>F\u00f6reningen verkar f\u00f6r att \u00e5terskapa och \u00f6ka livskvaliteten f\u00f6r personer med mag- och tarmbesv\u00e4r och att de ska kunna leva p\u00e5 samma villkor som alla andra i samh\u00e4llet. V\u00e5rd, st\u00f6d och insatser ska utformas p\u00e5 ett s\u00e4tt som g\u00f6r samh\u00e4llet tillg\u00e4ngligt f\u00f6r alla. F\u00f6reningen arbetar \u00e4ven med att sprida kunskap och \u00f6ppenhet kring olika mag- och tarmproblem och belysa de r\u00e4ttigheter individer, som \u00e4r drabbade av<br>mag-tarmproblem, faktiskt har.<\/p>\n\n\n\n<blockquote class=\"wp-block-quote is-style-default is-layout-flow wp-block-quote-is-layout-flow\">\n<p><em>F\u00f6reningen hade vid \u00e5rsslutet 2022&nbsp;1186 medlemmar. Upptagningsomr\u00e5det omfattar 26 kommuner.<\/em><\/p>\n<cite><em>Verksamhetsber\u00e4ttelsen 2022<\/em><\/cite><\/blockquote>\n\n\n\n<p>Mag- och tarmf\u00f6reningen har en tillsvidareanst\u00e4lld. Kontorsv\u00e5ning delas med ett antal andra funktionshinderorganisationer p\u00e5 Kungsholmen sedan flera \u00e5r tillbaka. Till kontorsv\u00e5ningen finns sammantr\u00e4deslokaler d\u00e4r medlemstr\u00e4ffar, f\u00f6rel\u00e4sningar och styrelsem\u00f6ten kan h\u00e5llas.<\/p>\n\n\n\n<p><\/p>\n","protected":false},"excerpt":{"rendered":"<p>Mag- och tarmf\u00f6reningen i Stockholms l\u00e4n, tidigare Stockholms l\u00e4nsf\u00f6rening av Riksf\u00f6rbundet f\u00f6r Mag- och tarmsjuka (RMT), \u00e4r en intressepolitiskt &#8230;<\/p>\n","protected":false},"author":3,"featured_media":258,"parent":0,"menu_order":2,"comment_status":"closed","ping_status":"closed","template":"page-entrypage-with-ingress.php","meta":{"_acf_changed":false,"footnotes":"","_links_to":"","_links_to_target":""},"class_list":["post-16","page","type-page","status-publish","has-post-thumbnail","hentry","wp-sticky"],"acf":[],"yoast_head":"<!-- This site is optimized with the Yoast SEO plugin v27.5 - https:\/\/yoast.com\/product\/yoast-seo-wordpress\/ -->\n<title>Om oss - Mag- och tarmf\u00f6reningen i Stockholms l\u00e4n<\/title>\n<meta name=\"description\" content=\"Mag- och tarmf\u00f6reningen i Stockholms l\u00e4n, tidigare Stockholms l\u00e4nsf\u00f6rening av Riksf\u00f6rbundet f\u00f6r Mag- och tarmsjuka (RMT), \u00e4r en intressepolitiskt verksam f\u00f6rening inom Stockholms l\u00e4n. F\u00f6reningen \u00e4r medlem hos Mag- och tarmf\u00f6rbundet. Mag- och tarmf\u00f6reningen \u00e4r religi\u00f6st och partipolitiskt obunden och arbetar f\u00f6rpersoner med mag- och tarmproblem och deras n\u00e4rst\u00e5ende.\" \/>\n<meta name=\"robots\" content=\"index, follow, max-snippet:-1, max-image-preview:large, max-video-preview:-1\" \/>\n<link rel=\"canonical\" href=\"https:\/\/magotarm.se\/stockholms-lansforening\/om-oss\/\" \/>\n<meta property=\"og:locale\" content=\"sv_SE\" \/>\n<meta property=\"og:type\" content=\"article\" \/>\n<meta property=\"og:title\" content=\"Om oss - Mag- och tarmf\u00f6reningen i Stockholms l\u00e4n\" \/>\n<meta property=\"og:description\" content=\"Mag- och tarmf\u00f6reningen i Stockholms l\u00e4n, tidigare Stockholms l\u00e4nsf\u00f6rening av Riksf\u00f6rbundet f\u00f6r Mag- och tarmsjuka (RMT), \u00e4r en intressepolitiskt verksam f\u00f6rening inom Stockholms l\u00e4n. F\u00f6reningen \u00e4r medlem hos Mag- och tarmf\u00f6rbundet. Mag- och tarmf\u00f6reningen \u00e4r religi\u00f6st och partipolitiskt obunden och arbetar f\u00f6rpersoner med mag- och tarmproblem och deras n\u00e4rst\u00e5ende.\" \/>\n<meta property=\"og:url\" content=\"https:\/\/magotarm.se\/stockholms-lansforening\/om-oss\/\" \/>\n<meta property=\"og:site_name\" content=\"Mag- och tarmf\u00f6reningen i Stockholms l\u00e4n\" \/>\n<meta property=\"article:modified_time\" content=\"2023-05-04T08:23:42+00:00\" \/>\n<meta property=\"og:image\" content=\"https:\/\/magotarm.se\/stockholms-lansforening\/wp-content\/uploads\/sites\/19\/2016\/06\/M-head.jpg\" \/>\n\t<meta property=\"og:image:width\" content=\"400\" \/>\n\t<meta property=\"og:image:height\" content=\"400\" \/>\n\t<meta property=\"og:image:type\" content=\"image\/jpeg\" \/>\n<meta name=\"twitter:card\" content=\"summary_large_image\" \/>\n<meta name=\"twitter:label1\" content=\"Ber\u00e4knad l\u00e4stid\" \/>\n\t<meta name=\"twitter:data1\" content=\"1 minut\" \/>\n<script type=\"application\/ld+json\" class=\"yoast-schema-graph\">{\"@context\":\"https:\\\/\\\/schema.org\",\"@graph\":[{\"@type\":\"WebPage\",\"@id\":\"https:\\\/\\\/magotarm.se\\\/stockholms-lansforening\\\/om-oss\\\/\",\"url\":\"https:\\\/\\\/magotarm.se\\\/stockholms-lansforening\\\/om-oss\\\/\",\"name\":\"Om oss - Mag- och tarmf\u00f6reningen i Stockholms l\u00e4n\",\"isPartOf\":{\"@id\":\"https:\\\/\\\/magotarm.se\\\/stockholms-lansforening\\\/#website\"},\"primaryImageOfPage\":{\"@id\":\"https:\\\/\\\/magotarm.se\\\/stockholms-lansforening\\\/om-oss\\\/#primaryimage\"},\"image\":{\"@id\":\"https:\\\/\\\/magotarm.se\\\/stockholms-lansforening\\\/om-oss\\\/#primaryimage\"},\"thumbnailUrl\":\"https:\\\/\\\/magotarm.se\\\/stockholms-lansforening\\\/wp-content\\\/uploads\\\/sites\\\/19\\\/2016\\\/06\\\/M-head.jpg\",\"datePublished\":\"2023-04-25T19:37:24+00:00\",\"dateModified\":\"2023-05-04T08:23:42+00:00\",\"description\":\"Mag- och tarmf\u00f6reningen i Stockholms l\u00e4n, tidigare Stockholms l\u00e4nsf\u00f6rening av Riksf\u00f6rbundet f\u00f6r Mag- och tarmsjuka (RMT), \u00e4r en intressepolitiskt verksam f\u00f6rening inom Stockholms l\u00e4n. F\u00f6reningen \u00e4r medlem hos Mag- och tarmf\u00f6rbundet. Mag- och tarmf\u00f6reningen \u00e4r religi\u00f6st och partipolitiskt obunden och arbetar f\u00f6rpersoner med mag- och tarmproblem och deras n\u00e4rst\u00e5ende.\",\"breadcrumb\":{\"@id\":\"https:\\\/\\\/magotarm.se\\\/stockholms-lansforening\\\/om-oss\\\/#breadcrumb\"},\"inLanguage\":\"sv-SE\",\"potentialAction\":[{\"@type\":\"ReadAction\",\"target\":[\"https:\\\/\\\/magotarm.se\\\/stockholms-lansforening\\\/om-oss\\\/\"]}]},{\"@type\":\"ImageObject\",\"inLanguage\":\"sv-SE\",\"@id\":\"https:\\\/\\\/magotarm.se\\\/stockholms-lansforening\\\/om-oss\\\/#primaryimage\",\"url\":\"https:\\\/\\\/magotarm.se\\\/stockholms-lansforening\\\/wp-content\\\/uploads\\\/sites\\\/19\\\/2016\\\/06\\\/M-head.jpg\",\"contentUrl\":\"https:\\\/\\\/magotarm.se\\\/stockholms-lansforening\\\/wp-content\\\/uploads\\\/sites\\\/19\\\/2016\\\/06\\\/M-head.jpg\",\"width\":400,\"height\":400},{\"@type\":\"BreadcrumbList\",\"@id\":\"https:\\\/\\\/magotarm.se\\\/stockholms-lansforening\\\/om-oss\\\/#breadcrumb\",\"itemListElement\":[{\"@type\":\"ListItem\",\"position\":1,\"name\":\"Hem\",\"item\":\"https:\\\/\\\/magotarm.se\\\/stockholms-lansforening\\\/\"},{\"@type\":\"ListItem\",\"position\":2,\"name\":\"Om oss\"}]},{\"@type\":\"WebSite\",\"@id\":\"https:\\\/\\\/magotarm.se\\\/stockholms-lansforening\\\/#website\",\"url\":\"https:\\\/\\\/magotarm.se\\\/stockholms-lansforening\\\/\",\"name\":\"Mag- och tarmf\u00f6reningen i Stockholms l\u00e4n\",\"description\":\"En till Mag- och tarmf\u00f6rbundets Webbplatser webbplats\",\"potentialAction\":[{\"@type\":\"SearchAction\",\"target\":{\"@type\":\"EntryPoint\",\"urlTemplate\":\"https:\\\/\\\/magotarm.se\\\/stockholms-lansforening\\\/?s={search_term_string}\"},\"query-input\":{\"@type\":\"PropertyValueSpecification\",\"valueRequired\":true,\"valueName\":\"search_term_string\"}}],\"inLanguage\":\"sv-SE\"}]}<\/script>\n<!-- \/ Yoast SEO plugin. -->","yoast_head_json":{"title":"Om oss - Mag- och tarmf\u00f6reningen i Stockholms l\u00e4n","description":"Mag- och tarmf\u00f6reningen i Stockholms l\u00e4n, tidigare Stockholms l\u00e4nsf\u00f6rening av Riksf\u00f6rbundet f\u00f6r Mag- och tarmsjuka (RMT), \u00e4r en intressepolitiskt verksam f\u00f6rening inom Stockholms l\u00e4n. F\u00f6reningen \u00e4r medlem hos Mag- och tarmf\u00f6rbundet. Mag- och tarmf\u00f6reningen \u00e4r religi\u00f6st och partipolitiskt obunden och arbetar f\u00f6rpersoner med mag- och tarmproblem och deras n\u00e4rst\u00e5ende.","robots":{"index":"index","follow":"follow","max-snippet":"max-snippet:-1","max-image-preview":"max-image-preview:large","max-video-preview":"max-video-preview:-1"},"canonical":"https:\/\/magotarm.se\/stockholms-lansforening\/om-oss\/","og_locale":"sv_SE","og_type":"article","og_title":"Om oss - Mag- och tarmf\u00f6reningen i Stockholms l\u00e4n","og_description":"Mag- och tarmf\u00f6reningen i Stockholms l\u00e4n, tidigare Stockholms l\u00e4nsf\u00f6rening av Riksf\u00f6rbundet f\u00f6r Mag- och tarmsjuka (RMT), \u00e4r en intressepolitiskt verksam f\u00f6rening inom Stockholms l\u00e4n. F\u00f6reningen \u00e4r medlem hos Mag- och tarmf\u00f6rbundet. Mag- och tarmf\u00f6reningen \u00e4r religi\u00f6st och partipolitiskt obunden och arbetar f\u00f6rpersoner med mag- och tarmproblem och deras n\u00e4rst\u00e5ende.","og_url":"https:\/\/magotarm.se\/stockholms-lansforening\/om-oss\/","og_site_name":"Mag- och tarmf\u00f6reningen i Stockholms l\u00e4n","article_modified_time":"2023-05-04T08:23:42+00:00","og_image":[{"width":400,"height":400,"url":"https:\/\/magotarm.se\/stockholms-lansforening\/wp-content\/uploads\/sites\/19\/2016\/06\/M-head.jpg","type":"image\/jpeg"}],"twitter_card":"summary_large_image","twitter_misc":{"Ber\u00e4knad l\u00e4stid":"1 minut"},"schema":{"@context":"https:\/\/schema.org","@graph":[{"@type":"WebPage","@id":"https:\/\/magotarm.se\/stockholms-lansforening\/om-oss\/","url":"https:\/\/magotarm.se\/stockholms-lansforening\/om-oss\/","name":"Om oss - Mag- och tarmf\u00f6reningen i Stockholms l\u00e4n","isPartOf":{"@id":"https:\/\/magotarm.se\/stockholms-lansforening\/#website"},"primaryImageOfPage":{"@id":"https:\/\/magotarm.se\/stockholms-lansforening\/om-oss\/#primaryimage"},"image":{"@id":"https:\/\/magotarm.se\/stockholms-lansforening\/om-oss\/#primaryimage"},"thumbnailUrl":"https:\/\/magotarm.se\/stockholms-lansforening\/wp-content\/uploads\/sites\/19\/2016\/06\/M-head.jpg","datePublished":"2023-04-25T19:37:24+00:00","dateModified":"2023-05-04T08:23:42+00:00","description":"Mag- och tarmf\u00f6reningen i Stockholms l\u00e4n, tidigare Stockholms l\u00e4nsf\u00f6rening av Riksf\u00f6rbundet f\u00f6r Mag- och tarmsjuka (RMT), \u00e4r en intressepolitiskt verksam f\u00f6rening inom Stockholms l\u00e4n. F\u00f6reningen \u00e4r medlem hos Mag- och tarmf\u00f6rbundet. Mag- och tarmf\u00f6reningen \u00e4r religi\u00f6st och partipolitiskt obunden och arbetar f\u00f6rpersoner med mag- och tarmproblem och deras n\u00e4rst\u00e5ende.","breadcrumb":{"@id":"https:\/\/magotarm.se\/stockholms-lansforening\/om-oss\/#breadcrumb"},"inLanguage":"sv-SE","potentialAction":[{"@type":"ReadAction","target":["https:\/\/magotarm.se\/stockholms-lansforening\/om-oss\/"]}]},{"@type":"ImageObject","inLanguage":"sv-SE","@id":"https:\/\/magotarm.se\/stockholms-lansforening\/om-oss\/#primaryimage","url":"https:\/\/magotarm.se\/stockholms-lansforening\/wp-content\/uploads\/sites\/19\/2016\/06\/M-head.jpg","contentUrl":"https:\/\/magotarm.se\/stockholms-lansforening\/wp-content\/uploads\/sites\/19\/2016\/06\/M-head.jpg","width":400,"height":400},{"@type":"BreadcrumbList","@id":"https:\/\/magotarm.se\/stockholms-lansforening\/om-oss\/#breadcrumb","itemListElement":[{"@type":"ListItem","position":1,"name":"Hem","item":"https:\/\/magotarm.se\/stockholms-lansforening\/"},{"@type":"ListItem","position":2,"name":"Om oss"}]},{"@type":"WebSite","@id":"https:\/\/magotarm.se\/stockholms-lansforening\/#website","url":"https:\/\/magotarm.se\/stockholms-lansforening\/","name":"Mag- och tarmf\u00f6reningen i Stockholms l\u00e4n","description":"En till Mag- och tarmf\u00f6rbundets Webbplatser webbplats","potentialAction":[{"@type":"SearchAction","target":{"@type":"EntryPoint","urlTemplate":"https:\/\/magotarm.se\/stockholms-lansforening\/?s={search_term_string}"},"query-input":{"@type":"PropertyValueSpecification","valueRequired":true,"valueName":"search_term_string"}}],"inLanguage":"sv-SE"}]}},"_links":{"self":[{"href":"https:\/\/magotarm.se\/stockholms-lansforening\/wp-json\/wp\/v2\/pages\/16","targetHints":{"allow":["GET"]}}],"collection":[{"href":"https:\/\/magotarm.se\/stockholms-lansforening\/wp-json\/wp\/v2\/pages"}],"about":[{"href":"https:\/\/magotarm.se\/stockholms-lansforening\/wp-json\/wp\/v2\/types\/page"}],"author":[{"embeddable":true,"href":"https:\/\/magotarm.se\/stockholms-lansforening\/wp-json\/wp\/v2\/users\/3"}],"replies":[{"embeddable":true,"href":"https:\/\/magotarm.se\/stockholms-lansforening\/wp-json\/wp\/v2\/comments?post=16"}],"version-history":[{"count":16,"href":"https:\/\/magotarm.se\/stockholms-lansforening\/wp-json\/wp\/v2\/pages\/16\/revisions"}],"predecessor-version":[{"id":1208,"href":"https:\/\/magotarm.se\/stockholms-lansforening\/wp-json\/wp\/v2\/pages\/16\/revisions\/1208"}],"wp:featuredmedia":[{"embeddable":true,"href":"https:\/\/magotarm.se\/stockholms-lansforening\/wp-json\/wp\/v2\/media\/258"}],"wp:attachment":[{"href":"https:\/\/magotarm.se\/stockholms-lansforening\/wp-json\/wp\/v2\/media?parent=16"}],"curies":[{"name":"wp","href":"https:\/\/api.w.org\/{rel}","templated":true}]}}